{"id":4454,"date":"2024-06-17T16:15:15","date_gmt":"2024-06-17T16:15:15","guid":{"rendered":"https:\/\/soyecoturista.com\/ecoturismocientifico\/?post_type=portfolio&#038;p=4454"},"modified":"2024-06-25T15:06:16","modified_gmt":"2024-06-25T15:06:16","slug":"por-las-tierras-del-oso-liebana-y-picos-de-europa","status":"publish","type":"portfolio","link":"https:\/\/soyecoturista.com\/ecoturismocientifico\/fundacion\/por-las-tierras-del-oso-liebana-y-picos-de-europa\/","title":{"rendered":"Por las tierras del Oso. Li\u00e9bana y Picos de Europa"},"content":{"rendered":"\t\t<div data-elementor-type=\"wp-post\" data-elementor-id=\"4454\" class=\"elementor elementor-4454\">\n\t\t\t\t\t\t\t\t\t<section class=\"elementor-section elementor-top-section elementor-element elementor-element-7ba499be elementor-section-boxed elementor-section-height-default elementor-section-height-default\" data-id=\"7ba499be\" data-element_type=\"section\">\n\t\t\t\t\t\t<div class=\"elementor-container elementor-column-gap-default\">\n\t\t\t\t\t<div class=\"elementor-column elementor-col-100 elementor-top-column elementor-element elementor-element-1730d91a\" data-id=\"1730d91a\" data-element_type=\"column\">\n\t\t\t<div class=\"elementor-widget-wrap elementor-element-populated\">\n\t\t\t\t\t\t\t\t<div class=\"elementor-element elementor-element-5c6f749c elementor-invisible elementor-widget elementor-widget-pix-feature-list\" data-id=\"5c6f749c\" data-element_type=\"widget\" data-widget_type=\"pix-feature-list.default\">\n\t\t\t\t<div class=\"elementor-widget-container\">\n\t\t\t<div id=\"duo-icon-167022821\" class=\"slide-in-container w-100  \" ><div class=\"py-2 animate-in\" data-anim-type=\"fade-in-up\" data-anim-delay=\"0\"><div class=\"pix-feature-list text-18       py-2 d-flex align-items-center\" ><i class=\"pixicon-map-pin-1-circle mr-2 text-primary\" ><\/i><span class=\"text-dark-opacity-5\">Li\u00e9bana, ZEC Li\u00e9bana. Parque Nacional Picos de Europa. Vertiente C\u00e1ntabra<\/span><\/div><div class=\"pix-feature-list text-18       py-2 d-flex align-items-center\" ><i class=\"pixicon-note-edit mr-2 text-primary\" ><\/i><span class=\"text-dark-opacity-5\"><p class=\"text-dark-opacity-5\"><strong>Descripci\u00f3n de la Experiencia: <\/strong>A trav\u00e9s de esta experiencia de ecoturismo cient\u00edfico de 3 d\u00edas de duraci\u00f3n, conoceremos los espacios naturales de Picos de Europa y Li\u00e9bana a trav\u00e9s del proyecto de conservaci\u00f3n del oso pardo en Cantabria.<\/p> <p class=\"text-dark-opacity-5\">Recibimos a los participantes y realizamos una presentaci\u00f3n del programa del fin de semana e introducci\u00f3n a la biodiversidad de mam\u00edferos de Li\u00e9bana. <\/p> <p class=\"text-dark-opacity-5\">A la ma\u00f1ana siguiente, acompa\u00f1amos a los t\u00e9cnicos de la FOP en su trabajo de seguimiento de nuestra especie estrella, donde nos contar\u00e1n la historia de \u00e9xito del oso pardo en la Cordillera Cant\u00e1brica. <p class=\"text-dark-opacity-5\">Por la tarde conoceremos su h\u00e1bitat en una salida de senderismo interpretativo observando huellas y rastros por los valles de Li\u00e9bana. <\/p> <p class=\"text-dark-opacity-5\">En nuestra tercera jornada nos adentraremos en el Parque Nacional de los Picos de Europa, disfrutando de los bosques de hayas y arandaneras donde se alimenta el oso pardo. <\/p><\/span><\/div><div class=\"pix-feature-list text-18       py-2 d-flex align-items-center\" ><i class=\"pixicon-handshake mr-2 text-primary\" ><\/i><span class=\"text-dark-opacity-5\"><strong>Servicios Incluidos: <\/strong><li>Actividad de presentaci\u00f3n del proyecto e introducci\u00f3n a los mam\u00edferos de Li\u00e9bana.<\/li><li>Actividad acompa\u00f1ada del t\u00e9cnico de la FOP.<\/li><li>Dos rutas guiadas con gu\u00eda experta.<\/li><li>Alojamiento con desayuno en alojamiento certificado Red Natura 2000. <\/li><\/span><\/div><div class=\"pix-feature-list text-18       py-2 d-flex align-items-center\" ><i class=\"pixicon-clipboard-plus mr-2 text-primary\" ><\/i><span class=\"text-dark-opacity-5\"><strong>Servicio adicional transfer:<\/strong> Desplazamiento a la zona de realizaci\u00f3n de la actividad.<\/span><\/div><div class=\"pix-feature-list text-18       py-2 d-flex align-items-center\" ><a class=\"d-flex align-items-center\" href=\"https:\/\/www.lodgecampanariosdeazaba.com\/contact\/\" target=\"_self\"><i class=\"pixicon-money2 mr-2 text-primary\" ><\/i><span class=\"text-dark-opacity-5\"><strong>Precio por persona: <\/strong>Desde 320\u20ac* Variable seg\u00fan fechas y alojamiento elegido. <\/span><\/a><\/div><div class=\"pix-feature-list text-18       py-2 d-flex align-items-center\" ><i class=\"pixicon-users-1 mr-2 text-primary\" ><\/i><span class=\"text-dark-opacity-5\">Grupo m\u00ednimo 2 personas, m\u00e1ximo 8 personas.<\/span><\/div><div class=\"pix-feature-list text-18       py-2 d-flex align-items-center\" ><i class=\"pixicon-calendar mr-2 text-primary\" ><\/i><span class=\"text-dark-opacity-5\"><strong>\u00c9poca del a\u00f1o recomendada: <\/strong>De abril a octubre.<\/span><\/div><div class=\"pix-feature-list text-18       py-2 d-flex align-items-center\" ><i class=\"pixicon-network mr-2 text-primary\" ><\/i><span class=\"text-dark-opacity-5\"><strong>Adaptaci\u00f3n a p\u00fablico: <\/strong>Dirigida a todo tipo de p\u00fablico y Adaptada a p\u00fablico familiar (ni\u00f1os mayores de 10 a\u00f1os), no adaptado a discapacidad motora.<\/span><\/div><div class=\"pix-feature-list text-18       py-2 d-flex align-items-center\" ><i class=\"pixicon-contacts mr-2 text-primary\" ><\/i><span class=\"text-dark-opacity-5\"><strong>Email y Tel\u00e9fono de contacto: <\/strong><br>Info@sendadelnorte.com<br>637690551 \/ 692938453<br>Comercializado por Viajes Senda \u2013 CIC 39142<\/span><\/div><\/div><\/div>\t\t<\/div>\n\t\t\t\t<\/div>\n\t\t\t\t\t<\/div>\n\t\t<\/div>\n\t\t\t\t\t\t\t<\/div>\n\t\t<\/section>\n\t\t\t\t<section class=\"elementor-section elementor-top-section elementor-element elementor-element-4b2c20c9 elementor-section-boxed elementor-section-height-default elementor-section-height-default\" data-id=\"4b2c20c9\" data-element_type=\"section\">\n\t\t\t\t\t\t<div class=\"elementor-container elementor-column-gap-default\">\n\t\t\t\t\t<div class=\"elementor-column elementor-col-100 elementor-top-column elementor-element elementor-element-7879514f\" data-id=\"7879514f\" data-element_type=\"column\">\n\t\t\t<div class=\"elementor-widget-wrap elementor-element-populated\">\n\t\t\t\t\t\t\t\t<div class=\"elementor-element elementor-element-72508148 elementor-widget elementor-widget-pix-gallery\" data-id=\"72508148\" data-element_type=\"widget\" data-widget_type=\"pix-gallery.default\">\n\t\t\t\t<div class=\"elementor-widget-container\">\n\t\t\t<div class=\"pix-lightbox\"><div class=\"pix_masonry  pix-3-columns\" style=\"width:100%\"><div class=\"grid-sizer\"><\/div><div class=\"gutter-sizer\"><\/div><div class=\" grid-item pix-mb-20 \"><a class=\"card pix-lightbox pix-lightbox-item pix-hover-item  rounded-lg tilt_small\" data-fancybox=\"gallery\" data-caption=\"\" href=\"https:\/\/soyecoturista.com\/ecoturismocientifico\/wp-content\/uploads\/2024\/06\/1-6-scaled.jpg\"><img loading=\"lazy\" decoding=\"async\" class=\"card-img  rounded-lg pix-gallery-item pix-gallery-sm\" src=\"https:\/\/soyecoturista.com\/ecoturismocientifico\/wp-content\/uploads\/2024\/06\/1-6-scaled.jpg\" width=\"2560\" height=\"1709\" alt=\"\" \/><div class=\"card-img-overlay d-flex align-items-end pix-p-10\"><\/div><\/a><\/div><div class=\" grid-item pix-mb-20 \"><a class=\"card pix-lightbox pix-lightbox-item pix-hover-item  rounded-lg tilt_small\" data-fancybox=\"gallery\" data-caption=\"\" href=\"https:\/\/soyecoturista.com\/ecoturismocientifico\/wp-content\/uploads\/2024\/06\/2-6.jpg\"><img loading=\"lazy\" decoding=\"async\" class=\"card-img  rounded-lg pix-gallery-item pix-gallery-sm\" src=\"https:\/\/soyecoturista.com\/ecoturismocientifico\/wp-content\/uploads\/2024\/06\/2-6.jpg\" width=\"1920\" height=\"680\" alt=\"\" \/><div class=\"card-img-overlay d-flex align-items-end pix-p-10\"><\/div><\/a><\/div><\/div><\/div>\t\t<\/div>\n\t\t\t\t<\/div>\n\t\t\t\t\t<\/div>\n\t\t<\/div>\n\t\t\t\t\t\t\t<\/div>\n\t\t<\/section>\n\t\t\t\t\t\t\t<\/div>\n\t\t","protected":false},"excerpt":{"rendered":"<p>Li\u00e9bana, ZEC Li\u00e9bana. Parque Nacional Picos de Europa. Vertiente C\u00e1ntabra Descripci\u00f3n de la Experiencia: A trav\u00e9s de esta experiencia de ecoturismo cient\u00edfico de 3 d\u00edas de duraci\u00f3n, conoceremos los espacios naturales de Picos de Europa y Li\u00e9bana a trav\u00e9s del&#8230;<\/p>\n","protected":false},"author":1,"featured_media":4456,"menu_order":0,"template":"","portfolio-types":[60,68],"class_list":["post-4454","portfolio","type-portfolio","status-publish","has-post-thumbnail","hentry","portfolio-types-experiencias-fop","portfolio-types-liebana-y-picos-de-europa"],"_links":{"self":[{"href":"https:\/\/soyecoturista.com\/ecoturismocientifico\/wp-json\/wp\/v2\/portfolio\/4454"}],"collection":[{"href":"https:\/\/soyecoturista.com\/ecoturismocientifico\/wp-json\/wp\/v2\/portfolio"}],"about":[{"href":"https:\/\/soyecoturista.com\/ecoturismocientifico\/wp-json\/wp\/v2\/types\/portfolio"}],"author":[{"embeddable":true,"href":"https:\/\/soyecoturista.com\/ecoturismocientifico\/wp-json\/wp\/v2\/users\/1"}],"version-history":[{"count":4,"href":"https:\/\/soyecoturista.com\/ecoturismocientifico\/wp-json\/wp\/v2\/portfolio\/4454\/revisions"}],"predecessor-version":[{"id":4460,"href":"https:\/\/soyecoturista.com\/ecoturismocientifico\/wp-json\/wp\/v2\/portfolio\/4454\/revisions\/4460"}],"wp:featuredmedia":[{"embeddable":true,"href":"https:\/\/soyecoturista.com\/ecoturismocientifico\/wp-json\/wp\/v2\/media\/4456"}],"wp:attachment":[{"href":"https:\/\/soyecoturista.com\/ecoturismocientifico\/wp-json\/wp\/v2\/media?parent=4454"}],"wp:term":[{"taxonomy":"portfolio-types","embeddable":true,"href":"https:\/\/soyecoturista.com\/ecoturismocientifico\/wp-json\/wp\/v2\/portfolio-types?post=4454"}],"curies":[{"name":"wp","href":"https:\/\/api.w.org\/{rel}","templated":true}]}}